{"id":66,"date":"2023-11-21T10:18:09","date_gmt":"2023-11-21T10:18:09","guid":{"rendered":"https:\/\/bee-cie.com\/?page_id=66"},"modified":"2026-04-27T15:19:45","modified_gmt":"2026-04-27T15:19:45","slug":"des-acteurs-engages","status":"publish","type":"page","link":"https:\/\/bee-cie.com\/index.php\/des-acteurs-engages\/","title":{"rendered":"Des acteurs engag\u00e9s"},"content":{"rendered":"\n<div style=\"height:32px\" aria-hidden=\"true\" class=\"wp-block-spacer\"><\/div>\n\n\n\n<h2 class=\"wp-block-heading\"><strong>Ils se sont engag\u00e9s pour la sauvegarde des abeilles et le maintien de la biodiversit\u00e9 !<\/strong><\/h2>\n\n\n\n<div style=\"height:34px\" aria-hidden=\"true\" class=\"wp-block-spacer\"><\/div>\n\n\n\n<figure class=\"wp-block-image size-full\"><a href=\"https:\/\/www.afc-stab.com\/\"><img decoding=\"async\" src=\"https:\/\/bee-cie.net\/wp-content\/uploads\/2023\/08\/logo-AFC-STAB-Composites.png\" alt=\"\" class=\"wp-image-112\"\/><\/a><\/figure>\n\n\n\n<p><strong>AFC STAB&nbsp;<\/strong>produit des outillages \u00e0 base de bois destin\u00e9s aux march\u00e9s industriels de haute technologie recherchant des moules stables et performants en co\u00fbt et en d\u00e9lais<\/p>\n\n\n\n<div style=\"height:34px\" aria-hidden=\"true\" class=\"wp-block-spacer\"><\/div>\n\n\n\n<figure class=\"wp-block-image size-full\"><a href=\"https:\/\/www.agenceinventive.com\/\"><img decoding=\"async\" src=\"https:\/\/bee-cie.net\/wp-content\/uploads\/2023\/08\/Logo-pour-site-internet-300x159-1.png\" alt=\"\" class=\"wp-image-58\"\/><\/a><\/figure>\n\n\n\n<div style=\"height:20px\" aria-hidden=\"true\" class=\"wp-block-spacer\"><\/div>\n\n\n\n<p><strong>L\u2019Agence Inventive <\/strong>compose sur-mesure des \u00e9v\u00e9nements uniques pour les entreprises et collectivit\u00e9s. Saint-Nazaire, Nantes, presqu\u2019\u00eele gu\u00e9randaise, Bri\u00e8re, Pays de Retz, Rennes\u2026 Pas de quartier(s) et pas de fronti\u00e8res, nous mobilisons notre \u00e9quipe sur tout le territoire \u201cbeurre sal\u00e9\u201d du Grand Ouest<\/p>\n\n\n\n<div style=\"height:43px\" aria-hidden=\"true\" class=\"wp-block-spacer\"><\/div>\n\n\n\n<figure class=\"wp-block-image size-full is-resized\"><a href=\"https:\/\/www.api-restauration.com\/\"><img decoding=\"async\" src=\"https:\/\/bee-cie.net\/wp-content\/uploads\/2023\/08\/logo-cuisiniers-de-Bretagne-01-300x81-1.jpg\" alt=\"\" class=\"wp-image-60\" style=\"width:326px;height:88px\"\/><\/a><\/figure>\n\n\n\n<p>CUISINIERS DE BRETAGNE<\/p>\n\n\n\n<p><a href=\"https:\/\/bee-cie.com\/www.api-restauration.com\">www.api-restauration.com<\/a><\/p>\n\n\n\n<div style=\"height:20px\" aria-hidden=\"true\" class=\"wp-block-spacer\"><\/div>\n\n\n\n<figure class=\"wp-block-image size-full\"><a href=\"https:\/\/www.architecte-akeroyd.com\/\"><img decoding=\"async\" src=\"https:\/\/bee-cie.net\/wp-content\/uploads\/2023\/08\/logo-FA-300x225-1.jpg\" alt=\"\" class=\"wp-image-61\"\/><\/a><\/figure>\n\n\n\n<p><strong>Architecte AKEROYD ,&nbsp;<\/strong>sp\u00e9cialiste en construction et r\u00e9novation de maison et b\u00e2timent sur Pornichet et la presqu&rsquo;\u00eele Gu\u00e9randaise<\/p>\n\n\n\n<div style=\"height:20px\" aria-hidden=\"true\" class=\"wp-block-spacer\"><\/div>\n\n\n\n<div style=\"height:20px\" aria-hidden=\"true\" class=\"wp-block-spacer\"><\/div>\n\n\n\n<figure class=\"wp-block-image size-full is-resized\"><a href=\"https:\/\/www.groupeascia.fr\/\"><img loading=\"lazy\" decoding=\"async\" width=\"787\" height=\"787\" src=\"https:\/\/bee-cie.com\/wp-content\/uploads\/2025\/04\/LOGOTYPE-ASCIA-GROUPE.png\" alt=\"\" class=\"wp-image-171\" style=\"width:298px;height:auto\" srcset=\"https:\/\/bee-cie.com\/wp-content\/uploads\/2025\/04\/LOGOTYPE-ASCIA-GROUPE.png 787w, https:\/\/bee-cie.com\/wp-content\/uploads\/2025\/04\/LOGOTYPE-ASCIA-GROUPE-300x300.png 300w, https:\/\/bee-cie.com\/wp-content\/uploads\/2025\/04\/LOGOTYPE-ASCIA-GROUPE-150x150.png 150w, https:\/\/bee-cie.com\/wp-content\/uploads\/2025\/04\/LOGOTYPE-ASCIA-GROUPE-768x768.png 768w\" sizes=\"(max-width: 787px) 100vw, 787px\" \/><\/a><\/figure>\n\n\n\n<p><\/p>\n\n\n\n<p><strong>ASCIA<\/strong> est un bureau d&rsquo;\u00e9tudes structure pluridisciplinaire sur le grand ouest. Nos comp\u00e9tences et prestations s&rsquo;\u00e9tendent de la conception \u00e0 l&rsquo;ex\u00e9cution. Qu&rsquo;il s&rsquo;agisse d&rsquo;\u00e9tudes, de diagnostics, d&rsquo;expertises ou encore d&rsquo;\u00e9conomie de la construction, nous vous accompagnons en r\u00e9habilitation comme en construction. Tous vos projets sont \u00e0 notre port\u00e9e gr\u00e2ce \u00e0 nos 5 agences bas\u00e9es dans le grand Ouest et dans le centre de la France.<\/p>\n\n\n\n<p>Les valeurs du groupe s&rsquo;harmonisent autour du partage, de la bienveillance, de l&rsquo;int\u00e9grit\u00e9 et du respect de nos collaborateurs et nos partenaires sur l&rsquo;ensemble de nos projets.<\/p>\n\n\n\n<p>Nous avons choisi de parrainer une ruche, parce qu&rsquo;elle incarne parfaitement nos valeurs : rigueur, travail collectif et durabilit\u00e9. Comme les abeilles, nous construisons avec pr\u00e9cision, intelligence et en harmonie avec notre environnement. C&rsquo;est un petit geste pour la plan\u00e8te, mais un symbole fort de notre engagement.<\/p>\n\n\n\n<div style=\"height:20px\" aria-hidden=\"true\" class=\"wp-block-spacer\"><\/div>\n\n\n\n<figure class=\"wp-block-image size-full is-resized\"><a href=\"https:\/\/residence-saintnazaire.fr\/\"><img loading=\"lazy\" decoding=\"async\" width=\"1964\" height=\"869\" src=\"https:\/\/bee-cie.com\/wp-content\/uploads\/2024\/12\/Logo-image-Les-Aureliades.jpg\" alt=\"\" class=\"wp-image-163\" style=\"width:315px;height:auto\" srcset=\"https:\/\/bee-cie.com\/wp-content\/uploads\/2024\/12\/Logo-image-Les-Aureliades.jpg 1964w, https:\/\/bee-cie.com\/wp-content\/uploads\/2024\/12\/Logo-image-Les-Aureliades-300x133.jpg 300w, https:\/\/bee-cie.com\/wp-content\/uploads\/2024\/12\/Logo-image-Les-Aureliades-1024x453.jpg 1024w, https:\/\/bee-cie.com\/wp-content\/uploads\/2024\/12\/Logo-image-Les-Aureliades-768x340.jpg 768w, https:\/\/bee-cie.com\/wp-content\/uploads\/2024\/12\/Logo-image-Les-Aureliades-1536x680.jpg 1536w\" sizes=\"(max-width: 1964px) 100vw, 1964px\" \/><\/a><\/figure>\n\n\n\n<div style=\"height:20px\" aria-hidden=\"true\" class=\"wp-block-spacer\"><\/div>\n\n\n\n<p>Les <strong>AURELIADES<\/strong>, h\u00f4tel et r\u00e9sidence situ\u00e9s \u00e0 Saint-Nazaire<\/p>\n\n\n\n<div style=\"height:41px\" aria-hidden=\"true\" class=\"wp-block-spacer\"><\/div>\n\n\n\n<figure class=\"wp-block-image size-large is-resized\"><a href=\"https:\/\/www.bellvision.fr\/\"><img decoding=\"async\" src=\"https:\/\/bee-cie.net\/wp-content\/uploads\/2023\/08\/logo-bellvision-2019-hd-pour-fond-clair-1024x315.png\" alt=\"\" class=\"wp-image-210\" style=\"width:309px;height:95px\"\/><\/a><\/figure>\n\n\n\n<div style=\"height:24px\" aria-hidden=\"true\" class=\"wp-block-spacer\"><\/div>\n\n\n\n<p><strong>Bell Vision&nbsp;<\/strong>est une soci\u00e9t\u00e9 de Services Informatiques d\u00e9di\u00e9e aux professionnels pour les accompagner dans leur transformation digitale<\/p>\n\n\n\n<p>La soci\u00e9t\u00e9 BELL VISION, pour qui la notion de \u00ab\u00a0satisfaction clients\u00a0\u00bb est essentielle, a d\u00e9velopp\u00e9 son activit\u00e9 autour des diff\u00e9rents m\u00e9tiers de l&rsquo;informatique, et nous sommes devenus aujourd&rsquo;hui un acteur majeur du march\u00e9 de l&rsquo;informatique sur Saint-Nazaire et sa r\u00e9gion. Les prestations propos\u00e9es aux&nbsp;<strong>professionnels<\/strong>&nbsp;s&rsquo;articulent autour de&nbsp;<strong>4 domaines de comp\u00e9tences<\/strong>&nbsp;:<\/p>\n\n\n\n<ul>\n<li>Services<\/li>\n\n\n\n<li>Distribution<\/li>\n\n\n\n<li>Web<\/li>\n\n\n\n<li>Cloud<\/li>\n<\/ul>\n\n\n\n<p><strong>Nos valeurs compar\u00e9es \u00e0 celles des abeilles&nbsp;:<\/strong><\/p>\n\n\n\n<p><strong>Esprit d\u2019\u00e9quipe&nbsp;:&nbsp;<\/strong>Chacun \u00e0 son propre r\u00f4le afin de contribuer au bon fonctionnement de la ruche.<\/p>\n\n\n\n<p><strong>Communication&nbsp;:<\/strong>&nbsp;Parce que la communication chez les abeilles est tr\u00e8s \u00e9labor\u00e9e&nbsp;!<\/p>\n\n\n\n<p><strong>Int\u00e9grit\u00e9 (Loyaut\u00e9 \/ Engagement) &nbsp;:<\/strong>&nbsp;L&rsquo;abeille est le symbole de la concordance et du travail pour sa ruche.<\/p>\n\n\n\n<p><strong>Pers\u00e9v\u00e9rance :<\/strong>&nbsp;Pour r\u00e9colter 1 kilo de miel, il faut en moyenne 6000 abeilles qui parcourent environ 40 000kms et butinent pr\u00e8s de 800 000 fleurs !<\/p>\n\n\n\n<figure class=\"wp-block-image size-full\"><a href=\"https:\/\/www.casanostrarestaurant.fr\/\"><img decoding=\"async\" src=\"https:\/\/bee-cie.net\/wp-content\/uploads\/2023\/08\/Image-logo-casa-nostra-300x200-1.jpg\" alt=\"\" class=\"wp-image-65\"\/><\/a><\/figure>\n\n\n\n<p><strong>Casa Nostra,<\/strong> restaurant situ\u00e9 au c\u0153ur du quartier Graslin \u00e0 Nantes<\/p>\n\n\n\n<p>Casa Nostra, dont la traduction signifie \u00abNotre Maison\u00bb, est un restaurant qui porte bien son nom : on s\u2019y sent comme chez soi que l&rsquo;on soit nantais pur souche ou pas !<\/p>\n\n\n\n<div style=\"height:20px\" aria-hidden=\"true\" class=\"wp-block-spacer\"><\/div>\n\n\n\n<div style=\"height:20px\" aria-hidden=\"true\" class=\"wp-block-spacer\"><\/div>\n\n\n\n<figure class=\"wp-block-image size-full is-resized\"><a href=\"https:\/\/clikeco.com\/nos-agences\/clikeco-loire-bretagne-eriathys\/\"><img loading=\"lazy\" decoding=\"async\" width=\"468\" height=\"335\" src=\"https:\/\/bee-cie.com\/wp-content\/uploads\/2024\/04\/logo-clikeco-web.png\" alt=\"\" class=\"wp-image-95\" style=\"width:317px;height:auto\" srcset=\"https:\/\/bee-cie.com\/wp-content\/uploads\/2024\/04\/logo-clikeco-web.png 468w, https:\/\/bee-cie.com\/wp-content\/uploads\/2024\/04\/logo-clikeco-web-300x215.png 300w\" sizes=\"(max-width: 468px) 100vw, 468px\" \/><\/a><\/figure>\n\n\n\n<p><strong>C<\/strong>LIKECO Loire Bretagne Gestion des d\u00e9chets dangereux<\/p>\n\n\n\n<p><\/p>\n\n\n\n<div style=\"height:20px\" aria-hidden=\"true\" class=\"wp-block-spacer\"><\/div>\n\n\n\n<div style=\"height:20px\" aria-hidden=\"true\" class=\"wp-block-spacer\"><\/div>\n\n\n\n<figure class=\"wp-block-image size-full is-resized\"><a href=\"https:\/\/cmd-crevin.fr\/\"><img loading=\"lazy\" decoding=\"async\" width=\"1203\" height=\"769\" src=\"https:\/\/bee-cie.com\/wp-content\/uploads\/2024\/07\/Logo-CMD.jpg\" alt=\"\" class=\"wp-image-149\" style=\"width:317px;height:auto\" srcset=\"https:\/\/bee-cie.com\/wp-content\/uploads\/2024\/07\/Logo-CMD.jpg 1203w, https:\/\/bee-cie.com\/wp-content\/uploads\/2024\/07\/Logo-CMD-300x192.jpg 300w, https:\/\/bee-cie.com\/wp-content\/uploads\/2024\/07\/Logo-CMD-1024x655.jpg 1024w, https:\/\/bee-cie.com\/wp-content\/uploads\/2024\/07\/Logo-CMD-768x491.jpg 768w\" sizes=\"(max-width: 1203px) 100vw, 1203px\" \/><\/a><\/figure>\n\n\n\n<p><strong>L<\/strong>a soci\u00e9t\u00e9 <strong>CMD<\/strong> est bas\u00e9e \u00e0 Crevin (35) sur&nbsp;l\u2019axe Rennes\/Nantes. CMD r\u00e9alise des&nbsp;ouvrages de M\u00e9tallerie D\u00e9corative sur&nbsp;mesure, de la conception \u00e0 la pose, sur une&nbsp;zone g\u00e9ographique \u00e9tendue sur le Grand&nbsp;Ouest de la France<\/p>\n\n\n\n<p><\/p>\n\n\n\n<div style=\"height:20px\" aria-hidden=\"true\" class=\"wp-block-spacer\"><\/div>\n\n\n\n<div style=\"height:20px\" aria-hidden=\"true\" class=\"wp-block-spacer\"><\/div>\n\n\n\n<figure class=\"wp-block-image size-large is-resized\"><a href=\"https:\/\/www.codissarl.com\/\"><img decoding=\"async\" src=\"https:\/\/bee-cie.net\/wp-content\/uploads\/2023\/08\/Logo-CODIS-1024x442.png\" alt=\"\" class=\"wp-image-211\" style=\"width:368px;height:159px\"\/><\/a><\/figure>\n\n\n\n<p>Fort de 30 ans d\u2019exp\u00e9rience, <strong>Codis<\/strong>, sp\u00e9cialiste du&nbsp;<strong>n\u00e9goce&nbsp;<\/strong>et de la&nbsp;<strong>distribution<\/strong>, compte&nbsp;aujourd\u2019hui :<\/p>\n\n\n\n<p>\u00b7Plus&nbsp;de&nbsp;<strong>2 000 clients<\/strong>&nbsp;(Airbus, Suez, Mondelez\u2026)<\/p>\n\n\n\n<p>.Plus&nbsp;de&nbsp;<strong>6&nbsp;000 r\u00e9f\u00e9rences&nbsp;<\/strong>soigneusement choisies dont 1000 \u00e9co labellis\u00e9es<\/p>\n\n\n\n<p>\u00b7Un r\u00e9seau de plus de<strong>&nbsp;700 fournisseurs<\/strong><\/p>\n\n\n\n<p><br><strong>Conscient<\/strong>&nbsp;des enjeux environnementaux, Codis s&rsquo;engage et prend des actions afin de r\u00e9duire son impact :<\/p>\n\n\n\n<p>\u00b7Le&nbsp;<strong>traitement<\/strong>&nbsp;des d\u00e9chets<\/p>\n\n\n\n<p>.La s\u00e9lection de fournitures&nbsp;<strong>responsables<\/strong><\/p>\n\n\n\n<p>\u00b7L&rsquo;installation du moteur de recherche&nbsp;<strong>Ecosia<\/strong>&nbsp;en interne<\/p>\n\n\n\n<p>.Des b\u00e2timents pens\u00e9s pour&nbsp;<strong>limiter la consommation d&rsquo;\u00e9nergie<\/strong><\/p>\n\n\n\n<p>\u00b7L&rsquo;installation&nbsp;de&nbsp;<strong>LED dans les b\u00e2timents<\/strong><\/p>\n\n\n\n<p>Et bien s\u00fbr, la mise en place&nbsp;<strong>d&rsquo;une ruche avec Bee &amp; Cie<\/strong>&nbsp;dont nous sommes tr\u00e8s fiers !<\/p>\n\n\n\n<div style=\"height:20px\" aria-hidden=\"true\" class=\"wp-block-spacer\"><\/div>\n\n\n\n<figure class=\"wp-block-image size-full\"><a href=\"https:\/\/www.cosi-cuisines-44.com\/\"><img decoding=\"async\" src=\"https:\/\/bee-cie.net\/wp-content\/uploads\/2023\/11\/Logo-COSI-format-image-e1699866668899.png\" alt=\"Logo COSO CUISINES\" class=\"wp-image-244\"\/><\/a><\/figure>\n\n\n\n<p><strong>COSI &nbsp;<\/strong>CUISINES est un cuisiniste local situ\u00e9 \u00e0 Pornichet (44)<\/p>\n\n\n\n<div style=\"height:20px\" aria-hidden=\"true\" class=\"wp-block-spacer\"><\/div>\n\n\n\n<figure class=\"wp-block-image size-full is-resized\"><img decoding=\"async\" src=\"https:\/\/bee-cie.net\/wp-content\/uploads\/2023\/08\/Logo-Davai-JPL-300x105-1.png\" alt=\"\" class=\"wp-image-81\" style=\"width:277px;height:97px\"\/><\/figure>\n\n\n\n<p>&nbsp;<strong>Enterprise Integration<\/strong>&nbsp;of Engineering Data<\/p>\n\n\n\n<div style=\"height:20px\" aria-hidden=\"true\" class=\"wp-block-spacer\"><\/div>\n\n\n\n<figure class=\"wp-block-image size-full\"><a href=\"https:\/\/www.decocuir.com\/\"><img decoding=\"async\" src=\"https:\/\/bee-cie.net\/wp-content\/uploads\/2023\/08\/Nouveau-logo-deco-cuir-300x69-1.png\" alt=\"\" class=\"wp-image-67\"\/><\/a><\/figure>\n\n\n\n<p><strong>DECO CUIR&nbsp;<\/strong>est un fournisseur sp\u00e9cialis\u00e9 dans la vente de cuir, d&rsquo;outils cuir et de peau cuir<\/p>\n\n\n\n<div style=\"height:20px\" aria-hidden=\"true\" class=\"wp-block-spacer\"><\/div>\n\n\n\n<figure class=\"wp-block-image size-full\"><a href=\"https:\/\/www.delanoe-delvigne.fr\/\"><img decoding=\"async\" src=\"https:\/\/bee-cie.net\/wp-content\/uploads\/2023\/08\/Logo-Delanoe-Delvigne-Peinture-240x300-1.png\" alt=\"\" class=\"wp-image-68\"\/><\/a><\/figure>\n\n\n\n<p><strong>DeLvigne &#8211; DeLano\u00eb&nbsp;<\/strong>: peintre-d\u00e9corateur sur le littoral Pornichet &#8211; La Baule<\/p>\n\n\n\n<div style=\"height:20px\" aria-hidden=\"true\" class=\"wp-block-spacer\"><\/div>\n\n\n\n<div style=\"height:20px\" aria-hidden=\"true\" class=\"wp-block-spacer\"><\/div>\n\n\n\n<figure class=\"wp-block-image size-full is-resized\"><a href=\"https:\/\/www.difope.fr\/rse\"><img loading=\"lazy\" decoding=\"async\" width=\"3000\" height=\"1800\" src=\"https:\/\/bee-cie.com\/wp-content\/uploads\/2024\/10\/logo-DIFOPE-HD.png\" alt=\"\" class=\"wp-image-159\" style=\"width:247px;height:auto\" srcset=\"https:\/\/bee-cie.com\/wp-content\/uploads\/2024\/10\/logo-DIFOPE-HD.png 3000w, https:\/\/bee-cie.com\/wp-content\/uploads\/2024\/10\/logo-DIFOPE-HD-300x180.png 300w, https:\/\/bee-cie.com\/wp-content\/uploads\/2024\/10\/logo-DIFOPE-HD-1024x614.png 1024w, https:\/\/bee-cie.com\/wp-content\/uploads\/2024\/10\/logo-DIFOPE-HD-768x461.png 768w, https:\/\/bee-cie.com\/wp-content\/uploads\/2024\/10\/logo-DIFOPE-HD-1536x922.png 1536w, https:\/\/bee-cie.com\/wp-content\/uploads\/2024\/10\/logo-DIFOPE-HD-2048x1229.png 2048w\" sizes=\"(max-width: 3000px) 100vw, 3000px\" \/><\/a><\/figure>\n\n\n\n<p>Entreprise familiale situ\u00e9e \u00e0 CAMPBON (44750), <strong>DIFOPE<\/strong> est sp\u00e9cialis\u00e9e dans la fourniture d\u2019\u00e9quipements pour l\u2019absorption et le stockage des liquides polluants&nbsp;: absorbants fibres et granul\u00e9s, bacs de r\u00e9tention, kits antipollution, abris et conteneurs de stockage, barrages antipollution, armoires de s\u00e9curit\u00e9 .. Notre expertise permet d\u2019apporter \u00e0 nos clients des solutions adapt\u00e9es \u00e0 chacune de leurs probl\u00e9matiques dans le domaine de la protection de l\u2019environnement.<\/p>\n\n\n\n<div style=\"height:20px\" aria-hidden=\"true\" class=\"wp-block-spacer\"><\/div>\n\n\n\n<figure class=\"wp-block-image size-full is-resized\"><a href=\"https:\/\/e3cm.fr\"><img loading=\"lazy\" decoding=\"async\" width=\"473\" height=\"182\" src=\"https:\/\/bee-cie.com\/wp-content\/uploads\/2024\/04\/Logo-E3CM.png\" alt=\"\" class=\"wp-image-140\" style=\"width:247px;height:auto\" srcset=\"https:\/\/bee-cie.com\/wp-content\/uploads\/2024\/04\/Logo-E3CM.png 473w, https:\/\/bee-cie.com\/wp-content\/uploads\/2024\/04\/Logo-E3CM-300x115.png 300w\" sizes=\"(max-width: 473px) 100vw, 473px\" \/><\/a><\/figure>\n\n\n\n<p><\/p>\n\n\n\n<p><strong>E3CM<\/strong> est un bureau d&rsquo;\u00e9tudes sp\u00e9cialis\u00e9 dans la construction mixte (m\u00e9tallique et bois). Nos valeurs sont regroup\u00e9es en trois termes :<\/p>\n\n\n\n<p>E3CM est un bureau d&rsquo;\u00e9tudes sp\u00e9cialis\u00e9 dans la construction mixte (m\u00e9tallique et bois). Nos valeurs sont regroup\u00e9es en trois termes :<\/p>\n\n\n\n<p>Etudes \/ Expertise \/ Economie.<\/p>\n\n\n\n<p>L&rsquo;objectif de notre bureau d&rsquo;\u00e9tudes est d&rsquo;apporter un outil permettant d&rsquo;aiguiller les ma\u00eetres d&rsquo;ouvrages et\/ou ma\u00eetres d&rsquo;\u0153uvres. Cet outil permet d&rsquo;apporter fluidit\u00e9 et efficacit\u00e9 au moment des travaux.<\/p>\n\n\n\n<p>Un projet cern\u00e9 et ma\u00eetris\u00e9 est un projet gagnant pour tous les acteurs.<\/p>\n\n\n\n<p>Cherchant au quotidien \u00e0 am\u00e9liorer son impact environnemental, cette proposition de parrainage avec Bee &amp; Cie semblait \u00eatre tout indiqu\u00e9e pour E3CM.<\/p>\n\n\n\n<div style=\"height:20px\" aria-hidden=\"true\" class=\"wp-block-spacer\"><\/div>\n\n\n\n<figure class=\"wp-block-image size-full\"><a href=\"https:\/\/www.fidal.com\/\"><img decoding=\"async\" src=\"https:\/\/bee-cie.net\/wp-content\/uploads\/2023\/08\/PdP_Logo-FidalAvocats.png\" alt=\"\" class=\"wp-image-212\"\/><\/a><\/figure>\n\n\n\n<p><strong>Fidal<\/strong>&nbsp;est le premier cabinet d\u2019avocats d\u2019affaires en France, proposant un accompagnement multidisciplinaire au plus proche de nos clients.<\/p>\n\n\n\n<p>Telle une colonie d\u2019abeilles \u0153uvrant \u00e0 la pollinisation de nombreuses cultures, notre cabinet offre un savoir-faire juridique et fiscal global \u00e0 destination de multiples secteurs d\u2019activit\u00e9 et d\u2019op\u00e9rateurs \u00e9conomiques diversifi\u00e9s.&nbsp;Notre volont\u00e9 de soutenir Bee &amp; Cie est n\u00e9e d\u2019une d\u00e9marche locale RSE, dont le pilier environnemental est essentiel. Nous entreprenons et soutenons ainsi des initiatives responsables, durables et locales. Maillon essentiel de la biodiversit\u00e9, l\u2019abeille est \u00e9galement porteuse de symboles forts de solidarit\u00e9, de coh\u00e9sion et de travail collectif. En formant une colonie de marraines et parrains, nous avons \u00e0 c\u0153ur de participer, \u00e0 notre \u00e9chelle, \u00e0 la sauvegarde de notre \u00e9cosyst\u00e8me.<\/p>\n\n\n\n<div style=\"height:20px\" aria-hidden=\"true\" class=\"wp-block-spacer\"><\/div>\n\n\n\n<figure class=\"wp-block-image size-full is-resized\"><a href=\"https:\/\/www.forma6.net\/\"><img decoding=\"async\" src=\"https:\/\/bee-cie.net\/wp-content\/uploads\/2023\/08\/Imageforma6-300x80-1.png\" alt=\"\" class=\"wp-image-70\" style=\"width:259px;height:69px\"\/><\/a><\/figure>\n\n\n\n<p><strong>forma<sup>6<\/sup>&nbsp;<\/strong>&nbsp;est une agence d\u2019architecture, d\u2019urbanisme et de paysage, implant\u00e9e \u00e0 Nantes depuis trente ans :&nbsp;<\/p>\n\n\n\n<p><strong>Engag\u00e9e<\/strong>&nbsp;: forma<strong><sup>6<\/sup><\/strong>&nbsp;agit en ad\u00e9quation avec son temps. Chaque projet constitue un moteur d\u2019innovation qui la conduit \u00e0 la recherche de solutions durables toujours plus efficientes, frugales et adapt\u00e9es, tant en termes d\u2019am\u00e9nagement de l\u2019espace, d\u2019usages, de syst\u00e8mes constructifs et \u00e9nerg\u00e9tiques, de mat\u00e9rialit\u00e9, de performances, que de montage \u00e9conomique.<\/p>\n\n\n\n<p><strong>Ouverte&nbsp;<\/strong>: forma<strong><sup>6<\/sup><\/strong>&nbsp;se positionne dans une approche d\u2019am\u00e9lioration continue. Ses intentions \u00e9manent du contexte du projet. Le \u00ab&nbsp;d\u00e9j\u00e0 l\u00e0&nbsp;\u00bb constitue une source productive d\u2019inspirations. forma<strong><sup>6<\/sup><\/strong>&nbsp;s\u2019ouvre \u00e0 toute initiative, rencontre et d\u00e9couverte susceptibles d\u2019enrichir son propos.&nbsp;&nbsp;<\/p>\n\n\n\n<p><strong>Multiple<\/strong>&nbsp;: La gen\u00e8se de forma<strong><sup>6<\/sup><\/strong>&nbsp;\u00e0 six associ\u00e9s illustre l\u2019attachement \u00e0 la parit\u00e9 et \u00e0 l\u2019intelligence collective. Au fil des ann\u00e9es, l\u2019agence a su enrichir et mettre en avant l\u2019importance de la diversit\u00e9. Aujourd\u2019hui, elle rassemble une cinquantaine de collaborateurs qui poss\u00e8dent chacun un bagage unique. Des exp\u00e9riences, des go\u00fbts, des id\u00e9es, des principes et des envies se m\u00ealent et s\u2019allient pour une mission commune&nbsp;: celle de contribuer \u00e0 une fabrication de la ville juste et humaine.&nbsp;<\/p>\n\n\n\n<p><strong>Humaine<\/strong>&nbsp;: forma<strong><sup>6<\/sup><\/strong>&nbsp;d\u00e9fend une posture empathique qui r\u00e9pond aux besoins des usagers, tout en transcendant les contraintes. Elle est proactive sur le th\u00e8me de l\u2019implication des acteurs locaux et fait le choix d\u2019interpr\u00e9ter les volont\u00e9s pour les convertir en valeur ajout\u00e9e.&nbsp; &nbsp;<\/p>\n\n\n\n<p><strong>Exigeante<\/strong>&nbsp;: La trentaine d\u2019ann\u00e9es d\u2019exp\u00e9rience t\u00e9moigne de la qualit\u00e9 des b\u00e2timents livr\u00e9s et illustre le souci du d\u00e9tail et de la pr\u00e9cision du travail. forma<sup>6<\/sup>&nbsp;pousse les projets dans leurs derniers retranchements et use de l\u2019exigence comme moteur de d\u00e9veloppement, et&nbsp;<em>in fine<\/em>, de satisfaction.&nbsp;&nbsp;<\/p>\n\n\n\n<p><strong>Sensible<\/strong>&nbsp;: La d\u00e9marche d\u00e9velopp\u00e9e par forma<strong><sup>6<\/sup><\/strong>&nbsp;d\u00e9passe la question du projet. Elle s\u2019ancre dans une r\u00e9alit\u00e9 pass\u00e9e, dans un futur esp\u00e9r\u00e9, dans un \u00e9tat de fait mais aussi dans un lieu qui les contient tous. Et, selon le contexte, l\u2019intervention d\u2019artistes invit\u00e9s sait s\u2019int\u00e9grer en douceur dans le projet pour le sublimer.&nbsp;<\/p>\n\n\n\n<div style=\"height:20px\" aria-hidden=\"true\" class=\"wp-block-spacer\"><\/div>\n\n\n\n<figure class=\"wp-block-image size-large is-resized\"><a href=\"https:\/\/ivyspec.com\"><img decoding=\"async\" src=\"https:\/\/bee-cie.net\/wp-content\/uploads\/2023\/11\/logo-IvySpec-1024x648.webp\" alt=\"Logo IvySpec\" class=\"wp-image-251\" style=\"aspect-ratio:1.5802469135802468;width:356px;height:auto\"\/><\/a><\/figure>\n\n\n\n<p><strong>IvySpec<\/strong>, un drone \u00ab\u00a0racinaire\u00a0\u00bb dont l&rsquo;extr\u00e9mit\u00e9 progresse \u00e0 l a fa\u00e7on d&rsquo;une racine d&rsquo;arbre<\/p>\n\n\n\n<div style=\"height:20px\" aria-hidden=\"true\" class=\"wp-block-spacer\"><\/div>\n\n\n\n<figure class=\"wp-block-image size-full\"><img decoding=\"async\" src=\"https:\/\/bee-cie.net\/wp-content\/uploads\/2023\/08\/logo-laser-team2-bis-300x127-1.jpg\" alt=\"\" class=\"wp-image-71\"\/><\/figure>\n\n\n\n<p><strong>LASER TEAM<\/strong>, c&rsquo;est 20 ans d&rsquo;exp\u00e9rience dans l&rsquo;utilisation du laser. Pour marquer, graver, usiner, percer, d\u00e9couper, souder.&nbsp;Sur des mat\u00e9riaux aussi vari\u00e9s que le m\u00e9tal, le bois, le plastique, le tissus, le papier, le cuir, le verre, \u2026Et dans tous les domaines&nbsp;: m\u00e9dical, a\u00e9ronautique, d\u00e9coration, m\u00e9canique, luxe, agencement, \u2026<\/p>\n\n\n\n<p><em>\u00ab\u00a0Avec notre outils de travail et notre savoir-faire, nous aimons relever les d\u00e9fis dans la r\u00e9alisation de tout et n\u2019importe quoi.\u00a0\u00bb&nbsp;<\/em><strong>Pourquoi soutenir les abeilles ?<\/strong><\/p>\n\n\n\n<ul>\n<li>Parce que les abeilles vivent et survivent gr\u00e2ce \u00e0 leur comportement solidaire&nbsp;dans le travail<\/li>\n\n\n\n<li>Parce que c\u2019est l\u2019effet de groupe qui permet aux abeilles d\u2019\u00eatre performante<\/li>\n\n\n\n<li>Parce que c\u2019est gr\u00e2ce \u00e0 leur communication et que les abeilles font face \u00e0 l\u2019adversit\u00e9<\/li>\n\n\n\n<li>Parce que les abeilles vivent dans la nature sans la salir ni la d\u00e9grader&nbsp;<\/li>\n<\/ul>\n\n\n\n<p><strong>&nbsp;Alors vivons comme les abeilles&nbsp;! &nbsp; &nbsp;<\/strong><\/p>\n\n\n\n<p>PS . Et puis parce que les abeilles sont jaune et noir, comme les couleurs de notre logo.<\/p>\n\n\n\n<div style=\"height:20px\" aria-hidden=\"true\" class=\"wp-block-spacer\"><\/div>\n\n\n\n<figure class=\"wp-block-image size-large is-resized\"><a href=\"https:\/\/www.lemerpax.com\/\"><img decoding=\"async\" src=\"https:\/\/bee-cie.net\/wp-content\/uploads\/2023\/08\/LemerPax_LogoSmallRVB-1024x226.png\" alt=\"\" class=\"wp-image-213\" style=\"width:299px;height:66px\"\/><\/a><\/figure>\n\n\n\n<div style=\"height:20px\" aria-hidden=\"true\" class=\"wp-block-spacer\"><\/div>\n\n\n\n<p><strong>LEMER PAX<\/strong> con\u00e7oit et r\u00e9alise des mat\u00e9riels de radioprotection destin\u00e9s \u00e0 l\u2019univers m\u00e9dical, la recherche, l\u2019industrie et la protection nucl\u00e9aire<\/p>\n\n\n\n<p>Avec plus de 50 ann\u00e9es d\u2019innovation, elle est devenue le leader mondial de l\u2019innovation sur ses secteurs d\u2019activit\u00e9s et exporte ses technologies dans le monde entier. LEMER PAX participe tr\u00e8s activement \u00e0 l\u2019optimisation de la protection des op\u00e9rateurs expos\u00e9s aux rayonnements ionisants.<\/p>\n\n\n\n<p>Gr\u00e2ce \u00e0 sa politique industrielle de brevets, LEMER PAX a d\u00e9velopp\u00e9 une gamme de produits innovants parfaitement adapt\u00e9s aux besoins des professionnels et \u00e0 leur protection. \u00c0 cette qualit\u00e9 reconnue du \u00ab Made in France \u00bb, s\u2019ajoute le souci du collectif qui se traduit par un partenariat sans faille avec des sous-traitants, tous issus de l\u2019Ouest Atlantique. Cette solidarit\u00e9 et ces comp\u00e9tences locales se retrouvent dans de nombreux projets collaboratifs o\u00f9 s\u2019associent entreprises, Universit\u00e9s et grandes \u00e9coles.<\/p>\n\n\n\n<p><strong>Tr\u00e8s attach\u00e9e \u00e0 la question de la transition \u00e9nerg\u00e9tique, l\u2019entreprise, dont la signature est \u2018\u2019Protecting Life\u2019\u2019 soutient activement les initiatives environnementales locales&nbsp;et les circuits courts tout en participant au programme UN Ocean decade (2021-2030) des Nations Unies au service du d\u00e9veloppement durable et de la protection des oc\u00e9ans.<\/strong><\/p>\n\n\n\n<div style=\"height:20px\" aria-hidden=\"true\" class=\"wp-block-spacer\"><\/div>\n\n\n\n<figure class=\"wp-block-image size-full is-resized\"><a href=\"https:\/\/lerolplomberie.fr\/\"><img loading=\"lazy\" decoding=\"async\" width=\"857\" height=\"371\" src=\"https:\/\/bee-cie.com\/wp-content\/uploads\/2025\/01\/Nouveau-Logo-Le-Rol.jpg\" alt=\"\" class=\"wp-image-166\" style=\"width:304px;height:auto\" srcset=\"https:\/\/bee-cie.com\/wp-content\/uploads\/2025\/01\/Nouveau-Logo-Le-Rol.jpg 857w, https:\/\/bee-cie.com\/wp-content\/uploads\/2025\/01\/Nouveau-Logo-Le-Rol-300x130.jpg 300w, https:\/\/bee-cie.com\/wp-content\/uploads\/2025\/01\/Nouveau-Logo-Le-Rol-768x332.jpg 768w\" sizes=\"(max-width: 857px) 100vw, 857px\" \/><\/a><\/figure>\n\n\n\n<p><strong>LE ROL Distribution<\/strong>, sp\u00e9cialiste des travaux de plomberie et de chauffage sur le bassin Nazairien. Installations et vente de salles de bains en neuf et r\u00e9novation.<\/p>\n\n\n\n<div style=\"height:20px\" aria-hidden=\"true\" class=\"wp-block-spacer\"><\/div>\n\n\n\n<figure class=\"wp-block-image size-full\"><a href=\"https:\/\/www.mapac.fr\/\"><img decoding=\"async\" src=\"https:\/\/bee-cie.net\/wp-content\/uploads\/2023\/08\/logo-new-300x125-1.jpg\" alt=\"\" class=\"wp-image-73\"\/><\/a><\/figure>\n\n\n\n<p><strong>MAPAC PANEL<\/strong>, PME situ\u00e9e \u00e0 Machecoul (44), cr\u00e9\u00e9e en 1988 con\u00e7oit et fabrique des panneaux sandwich adapt\u00e9s aux environnements maritimes et terrestre.&nbsp;Dans un atelier de 4&nbsp;700 m\u00b2, une vingtaine de salari\u00e9s travaillent des t\u00f4les, de la laine de roche et bien d\u2019autres mat\u00e9riaux composant les diff\u00e9rents panneaux.<\/p>\n\n\n\n<p>Engag\u00e9e dans une dynamique de production responsable, MAPAC partage les valeurs de la soci\u00e9t\u00e9 Bee&amp;Cie.&nbsp;Cette sensibilit\u00e9 commune au d\u00e9veloppement local et \u00e0 la pr\u00e9servation de l\u2019environnement a motiv\u00e9 ce partenariat pour la mobilisation autour de la sauvegarde des abeilles.&nbsp;Orient\u00e9es vers l\u2019\u00e9change et le partage, les actions propos\u00e9es par Bee&amp;Cie s\u2019int\u00e8grent parfaitement \u00e0 la politique environnementale et soci\u00e9tale de l\u2019entreprise.&nbsp;<\/p>\n\n\n\n<p><em>\u00ab R\u00e9unir l\u2019\u00e9quipe autour d\u2019une sujet m\u00ealant \u00e0 la fois la sph\u00e8re personnelle et professionnelle nous semble un bon moyen pour impliquer l\u2019entreprise dans une action \u00e9co-responsable tout en renfor\u00e7ant le collectif.&nbsp;\u00bb&nbsp;<\/em><\/p>\n\n\n\n<p><strong>MAPAC est fi\u00e8re de soutenir un apiculteur local et de prouver son engagement \u00e0 maintenir la biodiversit\u00e9.<\/strong><\/p>\n\n\n\n<div style=\"height:20px\" aria-hidden=\"true\" class=\"wp-block-spacer\"><\/div>\n\n\n\n<figure class=\"wp-block-image size-full\"><a href=\"https:\/\/www.piscinesetspa35.fr\/\"><img loading=\"lazy\" decoding=\"async\" width=\"375\" height=\"109\" src=\"https:\/\/bee-cie.com\/wp-content\/uploads\/2026\/04\/Logo-piscines35.png\" alt=\"\" class=\"wp-image-185\" srcset=\"https:\/\/bee-cie.com\/wp-content\/uploads\/2026\/04\/Logo-piscines35.png 375w, https:\/\/bee-cie.com\/wp-content\/uploads\/2026\/04\/Logo-piscines35-300x87.png 300w\" sizes=\"(max-width: 375px) 100vw, 375px\" \/><\/a><\/figure>\n\n\n\n<div style=\"height:20px\" aria-hidden=\"true\" class=\"wp-block-spacer\"><\/div>\n\n\n\n<figure class=\"wp-block-image size-full\"><a href=\"https:\/\/mcplast.fr\/\"><img decoding=\"async\" src=\"https:\/\/bee-cie.net\/wp-content\/uploads\/2023\/08\/LogoMCP-300x300-1.jpg\" alt=\"\" class=\"wp-image-74\"\/><\/a><\/figure>\n\n\n\n<p><strong>MC PLAST<\/strong>, entreprise sp\u00e9cialis\u00e9e dans l\u2019injection de plastique biod\u00e9gradable propose une offre innovante \u00e0 base de mat\u00e9riaux \u00e9cologiques.<\/p>\n\n\n\n<p>Cr\u00e9\u00e9e en 1998, l\u2019entreprise de plasturgie MC PLAST s\u2019est mise au d\u00e9fi d\u2019apporter des solutions alternatives aux pi\u00e8ces plastiques produites \u00e0 base de p\u00e9trole&nbsp;:&nbsp;<em>\u00ab&nbsp;Il est de notre responsabilit\u00e9, en tant qu\u2019entrepreneurs producteurs de pi\u00e8ces en plastiques, de proposer des mat\u00e9riaux non polluants&nbsp;\u00bb.<\/em><\/p>\n\n\n\n<p>Forte de ses collaborations avec des acteurs de la recherche, MC PLAST produit des solutions \u00e0 base de mat\u00e9riaux issus du carbone v\u00e9g\u00e9tal&nbsp;:&nbsp;<em>\u00ab&nbsp;Cette exp\u00e9rience de plus de 15 ans des nouveaux mat\u00e9riaux, combin\u00e9e avec notre parc de machines sp\u00e9cifiques, nous permet de proposer une offre innovante et exclusive, avec un catalogue de pi\u00e8ces repr\u00e9sentant plus de 50% de notre C.A.&nbsp;\u00bb<\/em><\/p>\n\n\n\n<p>Le \u00ab\u00a0nouveau\u00a0\u00bb&nbsp;<strong>Monte Cristo&nbsp;<\/strong>se veut r\u00e9solument tourn\u00e9 vers la simplicit\u00e9. Une cuisine \u00e0 d\u00e9guster au bord de l&rsquo;eau, face \u00e0 l&rsquo;\u00e9cluse de&nbsp;<em>Vertou<\/em>.<\/p>\n\n\n\n<div style=\"height:20px\" aria-hidden=\"true\" class=\"wp-block-spacer\"><\/div>\n\n\n\n<div style=\"height:20px\" aria-hidden=\"true\" class=\"wp-block-spacer\"><\/div>\n\n\n\n<figure class=\"wp-block-image size-full\"><a href=\"https:\/\/www.phytalessence.com\/\"><img decoding=\"async\" src=\"https:\/\/bee-cie.net\/wp-content\/uploads\/2023\/08\/Logo-Phytalessence-complet-232x300-1.png\" alt=\"\" class=\"wp-image-77\"\/><\/a><\/figure>\n\n\n\n<p><strong>phytalessence<\/strong>&nbsp;con\u00e7oit et distribue des compl\u00e9ments alimentaires et se positionne r\u00e9solument dans le haut de gamme tant par le choix de ses ingr\u00e9dients, des concentrations d&rsquo;actifs, que par celui de ses formules.<\/p>\n\n\n\n<div style=\"height:20px\" aria-hidden=\"true\" class=\"wp-block-spacer\"><\/div>\n\n\n\n<figure class=\"wp-block-image size-large is-resized\"><img decoding=\"async\" src=\"https:\/\/bee-cie.net\/wp-content\/uploads\/2023\/08\/Logo-Plumelet-Ortion-Elec-1024x505.png\" alt=\"\" class=\"wp-image-91\" style=\"width:341px;height:168px\"\/><\/figure>\n\n\n\n<p><strong>Plumelet Ortion Elec<\/strong>&nbsp;est une entreprise d&rsquo;\u00e9lectricit\u00e9 g\u00e9n\u00e9rale pr\u00e9sente sur Saint-Nazaire &#8211; Pornichet &#8211; La Baule &#8211; Gu\u00e9rande&nbsp; et&nbsp;toute la Presqu&rsquo;ile. L&rsquo;entreprise est certifi\u00e9e RGE, reconnue \u00ab\u00a0garant de l&rsquo;environnement\u00a0\u00bb &#8211; Mention \u00e9conomie d&rsquo;\u00e9nergie<\/p>\n\n\n\n<div style=\"height:20px\" aria-hidden=\"true\" class=\"wp-block-spacer\"><\/div>\n\n\n\n<figure class=\"wp-block-image size-full is-resized\"><a href=\"https:\/\/www.potrelcouverture.fr\/\"><img decoding=\"async\" src=\"https:\/\/bee-cie.net\/wp-content\/uploads\/2023\/08\/Logo-potrel.png\" alt=\"\" class=\"wp-image-89\" style=\"width:313px;height:141px\"\/><\/a><\/figure>\n\n\n\n<p>Sp\u00e9cialiste des travaux de couverture : \u00e9tanch\u00e9it\u00e9, bardage, fen\u00eatre de toit VELUX et pliage \u00e0 fa\u00e7on,&nbsp;<strong>POTREL COUVERTURE<\/strong>&nbsp;est la premi\u00e8re entreprise du b\u00e2timent de Saint-Nazaire reconnue pour sa d\u00e9marche RSE avec son engagement principal \u00ab\u00a0une qualit\u00e9 de vie au travail \u00e9conome en \u00e9nergie\u00a0\u00bb.<\/p>\n\n\n\n<div style=\"height:20px\" aria-hidden=\"true\" class=\"wp-block-spacer\"><\/div>\n\n\n\n<figure class=\"wp-block-image size-full is-resized\"><a href=\"https:\/\/www.proselis.com\"><img loading=\"lazy\" decoding=\"async\" width=\"433\" height=\"455\" src=\"https:\/\/bee-cie.com\/wp-content\/uploads\/2024\/04\/logo_proselis_carre-1.jpg\" alt=\"\" class=\"wp-image-106\" style=\"width:320px;height:auto\" srcset=\"https:\/\/bee-cie.com\/wp-content\/uploads\/2024\/04\/logo_proselis_carre-1.jpg 433w, https:\/\/bee-cie.com\/wp-content\/uploads\/2024\/04\/logo_proselis_carre-1-285x300.jpg 285w\" sizes=\"(max-width: 433px) 100vw, 433px\" \/><\/a><\/figure>\n\n\n\n<p><strong>PROSELIS : l&rsquo;informatique pour les entreprises et collectivit\u00e9s \u00e0 Savenay, Nantes et Saint-Nazaire<\/strong><\/p>\n\n\n\n<p>Depuis 20 ans, Proselis accompagne les entreprises, associations et collectivit\u00e9s de Nantes \u00e0 Saint-Nazaire dans la gestion quotidienne, &nbsp;l&rsquo;\u00e9volution et la s\u00e9curisation de leur parc informatique.<\/p>\n\n\n\n<p>Avec une \u00e9quipe de 40 collaborateurs locaux nous intervenons sur un territoire entre Nantes et La Baule pour mettre en \u0153uvre et maintenir des environnements informatiques, des plus simples aux plus complexes.<\/p>\n\n\n\n<p>Nos offres s&rsquo;articulent autour des th\u00e9matiques suivantes :<\/p>\n\n\n\n<p>L&rsquo;Infrastructure, le Cloud 365, la Cybers\u00e9curit\u00e9 et l&rsquo;Infog\u00e9rance<\/p>\n\n\n\n<p><em>\u00ab Chez Proselis, la pr\u00e9servation de l&rsquo;environnement est au c\u0153ur du projet d&rsquo;entreprise qui s&rsquo;appuie sur une politique RSE ambitieuse. \u00bb<\/em><\/p>\n\n\n\n<p>Proselis agit au quotidien pour prot\u00e9ger la biodiversit\u00e9 en menant de nombreuses actions concr\u00e8tes : la collecte et recyclage des d\u00e9chets \u00e9lectroniques, la revalorisation de parcs informatiques, l&rsquo;installation de panneaux photovolta\u00efques, &nbsp;la collecte de m\u00e9gots, les partenariats avec des associations qui \u0153uvrent en faveur du d\u00e9veloppement durable, la sensibilisation aux bonnes pratiques pour r\u00e9duire notre empreinte environnementale num\u00e9rique&#8230;<\/p>\n\n\n\n<p><strong>Parrainer des ruches&#8230;. Comme une \u00e9vidence pour toute l&rsquo;\u00e9quipe<\/strong><\/p>\n\n\n\n<p>Les abeilles sont des sentinelles ; &nbsp;elles sont un excellent indicateur de la sant\u00e9 de notre plan\u00e8te et les prot\u00e9ger constitue une d\u00e9marche volontaire partag\u00e9e par toute l&rsquo;\u00e9quipe de Proselis et qui s&rsquo;inscrit dans la continuit\u00e9 de notre engagement RSE ! Un \u00e9vidence donc et nous en sommes fiers !<\/p>\n\n\n\n<p>Enfin, chez Proselis, on fonctionne un peu comme une ruche ; &nbsp;comme les abeilles nous fonctionnons selon une logique collaborative qui s&rsquo;appuie sur un mod\u00e8le d&rsquo;auto-organisation pour \u00eatre toujours plus performants et offrir le meilleur \u00e0 nos clients !!!<\/p>\n\n\n\n<p><\/p>\n\n\n\n<p><\/p>\n\n\n\n<div style=\"height:20px\" aria-hidden=\"true\" class=\"wp-block-spacer\"><\/div>\n\n\n\n<figure class=\"wp-block-image size-full\"><img decoding=\"async\" src=\"https:\/\/bee-cie.net\/wp-content\/uploads\/2023\/08\/Logo-PSM-horizontal-300x153-2.png\" alt=\"\" class=\"wp-image-90\"\/><\/figure>\n\n\n\n<p><strong>PSM<\/strong>&nbsp;est une entreprise sp\u00e9cialis\u00e9e dans le montage industriel (\u00e9lectrique, m\u00e9canique, pneumatique et hydraulique) et dans la maintenance des \u00e9quipements de production.<\/p>\n\n\n\n<p>PSM s&rsquo;engage aupr\u00e8s de Bee &amp; Cie pour la sauvegarde et le bien-\u00eatre des abeilles en parrainant une ruche.<\/p>\n\n\n\n<p>Lien :&nbsp;<a href=\"http:\/\/www.psmassemblage.sitew.fr\/L_entreprise.E.htm\">L&rsquo;entreprise PSM &#8211; Engagements et partenariat<\/a><\/p>\n\n\n\n<div style=\"height:20px\" aria-hidden=\"true\" class=\"wp-block-spacer\"><\/div>\n\n\n\n<div style=\"height:20px\" aria-hidden=\"true\" class=\"wp-block-spacer\"><\/div>\n\n\n\n<figure class=\"wp-block-image size-full is-resized\"><a href=\"https:\/\/www.pulsegroup.fr\/\"><img loading=\"lazy\" decoding=\"async\" width=\"2193\" height=\"3284\" src=\"https:\/\/bee-cie.com\/wp-content\/uploads\/2024\/04\/PulseGroup.png\" alt=\"\" class=\"wp-image-136\" style=\"width:298px;height:auto\" srcset=\"https:\/\/bee-cie.com\/wp-content\/uploads\/2024\/04\/PulseGroup.png 2193w, https:\/\/bee-cie.com\/wp-content\/uploads\/2024\/04\/PulseGroup-200x300.png 200w, https:\/\/bee-cie.com\/wp-content\/uploads\/2024\/04\/PulseGroup-684x1024.png 684w, https:\/\/bee-cie.com\/wp-content\/uploads\/2024\/04\/PulseGroup-768x1150.png 768w, https:\/\/bee-cie.com\/wp-content\/uploads\/2024\/04\/PulseGroup-1026x1536.png 1026w, https:\/\/bee-cie.com\/wp-content\/uploads\/2024\/04\/PulseGroup-1368x2048.png 1368w\" sizes=\"(max-width: 2193px) 100vw, 2193px\" \/><\/a><\/figure>\n\n\n\n<p><\/p>\n\n\n\n<div style=\"height:20px\" aria-hidden=\"true\" class=\"wp-block-spacer\"><\/div>\n\n\n\n<p><\/p>\n\n\n\n<div style=\"height:20px\" aria-hidden=\"true\" class=\"wp-block-spacer\"><\/div>\n\n\n\n<div style=\"height:20px\" aria-hidden=\"true\" class=\"wp-block-spacer\"><\/div>\n\n\n\n<figure class=\"wp-block-image size-full is-resized\"><a href=\" https:\/\/www.linkedin.com\/in\/sas-sofira-groupe-rabas-et-rabas-protec-423b1a187?lipi=urn%3Ali%3Apage%3Ad_flagship3_profile_view_base_contact_details%3B%2FIVLJekaQB%2BQP3IQ29kOmA%3D%3D\"><img loading=\"lazy\" decoding=\"async\" width=\"783\" height=\"444\" src=\"https:\/\/bee-cie.com\/wp-content\/uploads\/2024\/04\/LOGO-Groupe-SOFIRA-1.png\" alt=\"\" class=\"wp-image-116\" style=\"width:446px;height:auto\" srcset=\"https:\/\/bee-cie.com\/wp-content\/uploads\/2024\/04\/LOGO-Groupe-SOFIRA-1.png 783w, https:\/\/bee-cie.com\/wp-content\/uploads\/2024\/04\/LOGO-Groupe-SOFIRA-1-300x170.png 300w, https:\/\/bee-cie.com\/wp-content\/uploads\/2024\/04\/LOGO-Groupe-SOFIRA-1-768x435.png 768w\" sizes=\"(max-width: 783px) 100vw, 783px\" \/><\/a><\/figure>\n\n\n\n<p><\/p>\n\n\n\n<p>Le <strong>Groupe SOFIRA<\/strong>, <strong>Rabas<\/strong> et <strong>Rabas Protec<\/strong> est sp\u00e9cialis\u00e9 dans l&rsquo;usinage, le traitement de surface et la peinture de pi\u00e8ces m\u00e9talliques.<\/p>\n\n\n\n<p>Forts de notre exp\u00e9rience de 70 ans dans ce domaine, nous conservons les valeurs fortes d&rsquo;une entreprise \u00e0 taille humaine&nbsp;: la solidarit\u00e9 de notre personnel, la r\u00e9activit\u00e9 de notre organisation et l&rsquo;efficacit\u00e9 dans nos savoirs faire.<\/p>\n\n\n\n<p>Conscients des enjeux actuels de notre soci\u00e9t\u00e9, nous investissons chaque ann\u00e9e pour la s\u00e9curit\u00e9 de nos collaborateurs et pour r\u00e9duire notre empreinte environnementale. Notre engagement aupr\u00e8s de Bee &amp; Cie pour sauvegarder les abeilles, formidable marqueur de la sant\u00e9 de notre environnement, nous parait donc comme naturel afin de viser un r\u00e9el d\u00e9veloppement durable.&nbsp;<\/p>\n\n\n\n<div style=\"height:20px\" aria-hidden=\"true\" class=\"wp-block-spacer\"><\/div>\n\n\n\n<p><\/p>\n\n\n\n<figure class=\"wp-block-image size-full is-resized\"><a href=\"https:\/\/scopic.eu\/\"><img decoding=\"async\" src=\"https:\/\/bee-cie.net\/wp-content\/uploads\/2023\/08\/Logo-SCOPIC.png\" alt=\"\" class=\"wp-image-214\" style=\"width:307px;height:136px\"\/><\/a><\/figure>\n\n\n\n<p><strong>SCOPIC&nbsp;<\/strong>est une agence conseil en strat\u00e9gie et communication d\u2019une part, et en concertation et d\u00e9marches participatives d\u2019autre part. Rien \u00e0 voir avec les abeilles ! Encore que\u2026 Constitu\u00e9s en SCOP depuis nos d\u00e9buts il y a 15 ans, passionn\u00e9s du territoire et de ses transformations, toujours \u00e0 l\u2019aff\u00fbt et en cours d\u2019exp\u00e9rimentation de nouvelles id\u00e9es, nous sommes intimement convaincus qu\u2019innover de mani\u00e8re responsable et durable, c\u2019est possible ! Et nous nous y employons chaque jour. Alors parrainer des petites abeilles et les confier \u00e0 un apiculteur comp\u00e9tent (chacun son m\u00e9tier !), c\u2019est joindre nos id\u00e9es \u00e0 l\u2019utile, et l\u2019utile \u00e0 l\u2019agr\u00e9able, pour le plus grand plaisir de nos familles, amis, clients, partenaires ! Parce qu\u2019un petit pot de miel du coin, vaut mieux qu\u2019un long discours !<\/p>\n\n\n\n<div style=\"height:20px\" aria-hidden=\"true\" class=\"wp-block-spacer\"><\/div>\n\n\n\n<figure class=\"wp-block-image size-large is-resized\"><a href=\"https:\/\/signature-biodiversite.com\"><img loading=\"lazy\" decoding=\"async\" width=\"1024\" height=\"651\" src=\"https:\/\/bee-cie.com\/wp-content\/uploads\/2024\/04\/Logo-Signature-Biodiversite-CMJN-1-1024x651.png\" alt=\"\" class=\"wp-image-123\" style=\"width:299px;height:auto\" srcset=\"https:\/\/bee-cie.com\/wp-content\/uploads\/2024\/04\/Logo-Signature-Biodiversite-CMJN-1-1024x651.png 1024w, https:\/\/bee-cie.com\/wp-content\/uploads\/2024\/04\/Logo-Signature-Biodiversite-CMJN-1-300x191.png 300w, https:\/\/bee-cie.com\/wp-content\/uploads\/2024\/04\/Logo-Signature-Biodiversite-CMJN-1-768x488.png 768w, https:\/\/bee-cie.com\/wp-content\/uploads\/2024\/04\/Logo-Signature-Biodiversite-CMJN-1-1536x977.png 1536w, https:\/\/bee-cie.com\/wp-content\/uploads\/2024\/04\/Logo-Signature-Biodiversite-CMJN-1-2048x1302.png 2048w\" sizes=\"(max-width: 1024px) 100vw, 1024px\" \/><\/a><\/figure>\n\n\n\n<p>Signature<strong> Biodiversit\u00e9 <\/strong>est n\u00e9e du besoin de cr\u00e9er un outil permettant de traduire les am\u00e9nagements ext\u00e9rieurs en chiffres cl\u00e9s pour mesurer, restaurer et d\u00e9velopper la biodiversit\u00e9 pr\u00e9sente sur un site immobilier. Pour ce faire, nous avons cr\u00e9\u00e9 le Diagnostic de Performance Environnementale qui au travers de 74 crit\u00e8res d&rsquo;analyse et de 5 diagnostics, s&rsquo;int\u00e9resse \u00e0 16 enjeux environnementaux fondamentaux de la biodiversit\u00e9.<\/p>\n\n\n\n<p>Bien entendu les polinisateurs sont un des \u00e9l\u00e9ments cl\u00e9s de notre raison d&rsquo;\u00eatre, et en ces temps o\u00f9 il est important de les favoriser localement, nous sommes heureux de contribuer \u00e0 cette pr\u00e9servation, avec l&rsquo;ardent d\u00e9sir de voir leur d\u00e9veloppement si essentiel au futur de l&rsquo;humanit\u00e9.<\/p>\n\n\n\n<div style=\"height:20px\" aria-hidden=\"true\" class=\"wp-block-spacer\"><\/div>\n\n\n\n<figure class=\"wp-block-image size-full\"><a href=\"https:\/\/www.sodiuswillert.com\/\"><img decoding=\"async\" src=\"https:\/\/bee-cie.net\/wp-content\/uploads\/2023\/08\/Image-SODIUS-WILLERT-300x120-1.jpg\" alt=\"\" class=\"wp-image-80\"\/><\/a><\/figure>\n\n\n\n<p>&nbsp;<strong>Enterprise Integration<\/strong>&nbsp;of Engineering Data<\/p>\n\n\n\n<p><\/p>\n\n\n\n<div style=\"height:20px\" aria-hidden=\"true\" class=\"wp-block-spacer\"><\/div>\n\n\n\n<figure class=\"wp-block-image size-full is-resized\"><a href=\"https:\/\/tolerieindustrielle.com\/\"><img loading=\"lazy\" decoding=\"async\" width=\"435\" height=\"463\" src=\"https:\/\/bee-cie.com\/wp-content\/uploads\/2026\/04\/Logo-STIVAL.png\" alt=\"\" class=\"wp-image-182\" style=\"width:340px;height:auto\" srcset=\"https:\/\/bee-cie.com\/wp-content\/uploads\/2026\/04\/Logo-STIVAL.png 435w, https:\/\/bee-cie.com\/wp-content\/uploads\/2026\/04\/Logo-STIVAL-282x300.png 282w\" sizes=\"(max-width: 435px) 100vw, 435px\" \/><\/a><\/figure>\n\n\n\n<div style=\"height:20px\" aria-hidden=\"true\" class=\"wp-block-spacer\"><\/div>\n\n\n\n<p><strong>STIVAL,<\/strong>&nbsp;entreprise de t\u00f4lerie industrielle int\u00e9gr\u00e9e en peinture comprenant 25 collaborateurs, allie savoir-faire technique et ancrage local.<\/p>\n\n\n\n<p>Engag\u00e9e dans une d\u00e9marche&nbsp;<strong>RSE<\/strong>, elle&nbsp;\u0153uvre \u00e0 r\u00e9duire son impact environnemental via l\u2019optimisation des ressources et une gestion responsable des d\u00e9chets.<\/p>\n\n\n\n<p>Dans cette continuit\u00e9, elle parraine&nbsp;<strong>une ruche avec Bee &amp;Cie<\/strong>&nbsp;afin de soutenir la biodiversit\u00e9 et les pollinisateurs, affirmant ainsi son engagement pour une industrie plus durable.<\/p>\n\n\n\n<div style=\"height:20px\" aria-hidden=\"true\" class=\"wp-block-spacer\"><\/div>\n\n\n\n<figure class=\"wp-block-image size-full is-resized\"><a href=\"https:\/\/tijou.com\/\"><img loading=\"lazy\" decoding=\"async\" width=\"1190\" height=\"786\" src=\"https:\/\/bee-cie.com\/wp-content\/uploads\/2026\/04\/TIJOU-LOGO-2026.png\" alt=\"\" class=\"wp-image-189\" style=\"width:355px;height:234px\" srcset=\"https:\/\/bee-cie.com\/wp-content\/uploads\/2026\/04\/TIJOU-LOGO-2026.png 1190w, https:\/\/bee-cie.com\/wp-content\/uploads\/2026\/04\/TIJOU-LOGO-2026-300x198.png 300w, https:\/\/bee-cie.com\/wp-content\/uploads\/2026\/04\/TIJOU-LOGO-2026-1024x676.png 1024w, https:\/\/bee-cie.com\/wp-content\/uploads\/2026\/04\/TIJOU-LOGO-2026-768x507.png 768w\" sizes=\"(max-width: 1190px) 100vw, 1190px\" \/><\/a><\/figure>\n\n\n\n<p><strong>TIJOU<\/strong>,, Entreprise de peinture \u00e9co-responsable<\/p>\n\n\n\n<div style=\"height:20px\" aria-hidden=\"true\" class=\"wp-block-spacer\"><\/div>\n\n\n\n<figure class=\"wp-block-image size-full is-resized\"><img decoding=\"async\" src=\"https:\/\/bee-cie.net\/wp-content\/uploads\/2023\/08\/logo-une-bonne-bouteille.png\" alt=\"\" class=\"wp-image-218\" style=\"width:202px;height:120px\"\/><\/figure>\n\n\n\n<p><strong>Une bonne bouteille<\/strong>, caviste de Carquefou engag\u00e9 aux c\u00f4t\u00e9s de Bee &amp; Cie<\/p>\n\n\n\n<div style=\"height:20px\" aria-hidden=\"true\" class=\"wp-block-spacer\"><\/div>\n\n\n\n<figure class=\"wp-block-image size-full is-resized\"><a href=\"https:\/\/valoleique.com\/\"><img decoding=\"async\" src=\"https:\/\/bee-cie.net\/wp-content\/uploads\/2023\/08\/telechargement-1.png\" alt=\"\" class=\"wp-image-219\" style=\"width:294px;height:171px\"\/><\/a><\/figure>\n\n\n\n<p><strong>VALOLEIQUE<\/strong>, sp\u00e9cialiste de la collecte des huiles alimentaires usag\u00e9es<\/p>\n\n\n\n<div style=\"height:20px\" aria-hidden=\"true\" class=\"wp-block-spacer\"><\/div>\n\n\n\n<figure class=\"wp-block-image size-full is-resized\"><img decoding=\"async\" src=\"https:\/\/bee-cie.net\/wp-content\/uploads\/2023\/11\/ZoidCity-Logo-blanc-rond.png\" alt=\"\" class=\"wp-image-254\" style=\"aspect-ratio:1.719298245614035;width:452px;height:auto\"\/><\/figure>\n\n\n\n<p>\ufeff<\/p>\n\n\n\n<p class=\"has-text-color\" style=\"color:#565656\"><\/p>\n","protected":false},"excerpt":{"rendered":"<p>Ils se sont engag\u00e9s pour la sauvegarde des abeilles et le maintien de la biodiversit\u00e9 ! AFC STAB&nbsp;produit des outillages \u00e0 base de bois destin\u00e9s aux march\u00e9s industriels de haute technologie recherchant des moules stables et performants en co\u00fbt et en d\u00e9lais L\u2019Agence Inventive compose sur-mesure des \u00e9v\u00e9nements uniques pour [&hellip;]<\/p>\n","protected":false},"author":1,"featured_media":0,"parent":0,"menu_order":0,"comment_status":"closed","ping_status":"closed","template":"","meta":{"footnotes":""},"_links":{"self":[{"href":"https:\/\/bee-cie.com\/index.php\/wp-json\/wp\/v2\/pages\/66"}],"collection":[{"href":"https:\/\/bee-cie.com\/index.php\/wp-json\/wp\/v2\/pages"}],"about":[{"href":"https:\/\/bee-cie.com\/index.php\/wp-json\/wp\/v2\/types\/page"}],"author":[{"embeddable":true,"href":"https:\/\/bee-cie.com\/index.php\/wp-json\/wp\/v2\/users\/1"}],"replies":[{"embeddable":true,"href":"https:\/\/bee-cie.com\/index.php\/wp-json\/wp\/v2\/comments?post=66"}],"version-history":[{"count":44,"href":"https:\/\/bee-cie.com\/index.php\/wp-json\/wp\/v2\/pages\/66\/revisions"}],"predecessor-version":[{"id":192,"href":"https:\/\/bee-cie.com\/index.php\/wp-json\/wp\/v2\/pages\/66\/revisions\/192"}],"wp:attachment":[{"href":"https:\/\/bee-cie.com\/index.php\/wp-json\/wp\/v2\/media?parent=66"}],"curies":[{"name":"wp","href":"https:\/\/api.w.org\/{rel}","templated":true}]}}